{"id":17,"date":"2024-06-14T16:11:53","date_gmt":"2024-06-14T16:11:53","guid":{"rendered":"https:\/\/figurasmagicas.com\/index.php\/alojamentos\/"},"modified":"2025-01-17T19:36:42","modified_gmt":"2025-01-17T19:36:42","slug":"alojamentos","status":"publish","type":"page","link":"https:\/\/figurasmagicas.com\/index.php\/alojamentos\/","title":{"rendered":"Alojamentos"},"content":{"rendered":"\n<p class=\"has-text-align-center\">O nosso alojamento \u00e9 composto por 15 quartos, dos quais 2 s\u00e3o equipados com kitchenettes. Um dos quartos foi especialmente projetado para acomodar pessoas com mobilidade reduzida. Adicionalmente, o quarto D. Isabel s\u00f3 pode ser reservado em conjunto com o quarto D. Dinis, sendo ambos quartos comunicantes e formando uma suite. <\/p>\n\n\n\n<p><\/p>\n\n\n\n<div class=\"wp-block-getwid-image-box getwid-animation has-image-left has-text-left has-mobile-layout-column has-mobile-alignment-default\" data-animation=\"zoomSmall\"><div style=\"margin-right:100px\" class=\"wp-block-getwid-image-box__image-container is-position-middle\"><div class=\"wp-block-getwid-image-box__image-wrapper\"><img loading=\"lazy\" decoding=\"async\" width=\"992\" height=\"992\" src=\"https:\/\/figurasmagicas.com\/wp-content\/uploads\/2024\/12\/WhatsApp-Image-2024-12-23-at-18.42.30-992x992.jpeg\" class=\"wp-block-getwid-image-box__image wp-image-1949\" srcset=\"https:\/\/figurasmagicas.com\/wp-content\/uploads\/2024\/12\/WhatsApp-Image-2024-12-23-at-18.42.30-992x992.jpeg 992w, https:\/\/figurasmagicas.com\/wp-content\/uploads\/2024\/12\/WhatsApp-Image-2024-12-23-at-18.42.30-150x150.jpeg 150w\" sizes=\"(max-width: 992px) 100vw, 992px\" \/><\/div><\/div><div class=\"wp-block-getwid-image-box__content\">\n<div class=\"wp-block-getwid-advanced-heading\" style=\"margin-bottom:30px\"><h2 class=\"wp-block-getwid-advanced-heading__content\">Quarto &#8220;D. Dinis&#8221;<\/h2><\/div>\n\n\n\n<p>Rei de Portugal, filho de D. Afonso III e da Infanta Beatriz de Castela, aclamado rei em Lisboa em 1279 o \u00abLavrador\u00bb. Trancoso foi destino de suas Bodas de Casamento no ano 1282.<\/p>\n\n\n\n<div style=\"height:20px\" aria-hidden=\"true\" class=\"wp-block-spacer\"><\/div>\n\n\n\n<div class=\"wp-block-buttons is-content-justification-center is-layout-flex wp-container-core-buttons-is-layout-1 wp-block-buttons-is-layout-flex\">\n<div class=\"wp-block-button\"><a class=\"wp-block-button__link wp-element-button\" href=\"https:\/\/figurasmagicas.com\/index.php\/galeria-quarto-d-dinis\/\">VEr Galeria<\/a><\/div>\n<\/div>\n<\/div><\/div>\n\n\n\n<div class=\"wp-block-getwid-image-box getwid-animation has-image-right has-text-left has-mobile-layout-column has-mobile-alignment-default\" data-animation=\"zoomSmall\"><div style=\"margin-right:100px\" class=\"wp-block-getwid-image-box__image-container is-position-middle\"><div class=\"wp-block-getwid-image-box__image-wrapper\"><img loading=\"lazy\" decoding=\"async\" width=\"992\" height=\"992\" src=\"https:\/\/figurasmagicas.com\/wp-content\/uploads\/2024\/12\/WhatsApp-Image-2024-12-23-at-18.42.29-1-992x992.jpeg\" class=\"wp-block-getwid-image-box__image wp-image-1946\" srcset=\"https:\/\/figurasmagicas.com\/wp-content\/uploads\/2024\/12\/WhatsApp-Image-2024-12-23-at-18.42.29-1-992x992.jpeg 992w, https:\/\/figurasmagicas.com\/wp-content\/uploads\/2024\/12\/WhatsApp-Image-2024-12-23-at-18.42.29-1-150x150.jpeg 150w\" sizes=\"(max-width: 992px) 100vw, 992px\" \/><\/div><\/div><div class=\"wp-block-getwid-image-box__content\">\n<div class=\"wp-block-getwid-advanced-heading\" style=\"margin-bottom:30px\"><h2 class=\"wp-block-getwid-advanced-heading__content\">Quarto &#8220;D. Isabel&#8221;<\/h2><\/div>\n\n\n\n<p>Vinda de terras Castelhanas, celebrou em Trancoso as suas Bodas de Casamento com D. Dinis em 26 de Junho de 1282. Mais tarde canonizada Rainha Santa, na companhia de El-Rei, que tem o seu nome nas portas da entrada do Burgo, recebeu Trancoso como dote. Todos os anos o \u00faltimo fim de semana de Junho, se festejam as Bodas Reais numa recria\u00e7\u00e3o hist\u00f3rica.<\/p>\n\n\n\n<div style=\"height:20px\" aria-hidden=\"true\" class=\"wp-block-spacer\"><\/div>\n\n\n\n<div class=\"wp-block-buttons is-content-justification-center is-layout-flex wp-container-core-buttons-is-layout-2 wp-block-buttons-is-layout-flex\">\n<div class=\"wp-block-button\"><a class=\"wp-block-button__link wp-element-button\" href=\"https:\/\/figurasmagicas.com\/index.php\/galeria-quarto-d-isabel\/\">VEr Galeria<\/a><\/div>\n<\/div>\n<\/div><\/div>\n\n\n\n<div class=\"wp-block-getwid-image-box getwid-animation has-image-left has-text-left has-mobile-layout-column has-mobile-alignment-default\" data-animation=\"zoomSmall\"><div style=\"margin-right:100px\" class=\"wp-block-getwid-image-box__image-container is-position-middle\"><div class=\"wp-block-getwid-image-box__image-wrapper\"><img loading=\"lazy\" decoding=\"async\" width=\"992\" height=\"992\" src=\"https:\/\/figurasmagicas.com\/wp-content\/uploads\/2024\/12\/WhatsApp-Image-2024-12-23-at-18.42.28-992x992.jpeg\" class=\"wp-block-getwid-image-box__image wp-image-1945\" srcset=\"https:\/\/figurasmagicas.com\/wp-content\/uploads\/2024\/12\/WhatsApp-Image-2024-12-23-at-18.42.28-992x992.jpeg 992w, https:\/\/figurasmagicas.com\/wp-content\/uploads\/2024\/12\/WhatsApp-Image-2024-12-23-at-18.42.28-150x150.jpeg 150w\" sizes=\"(max-width: 992px) 100vw, 992px\" \/><\/div><\/div><div class=\"wp-block-getwid-image-box__content\">\n<div class=\"wp-block-getwid-advanced-heading\" style=\"margin-bottom:30px\"><h2 class=\"wp-block-getwid-advanced-heading__content\">Quarto &#8220;O Bandarra&#8221;<\/h2><\/div>\n\n\n\n<p>Profeta e sapateiro, figura impar da Hist\u00f3ria de Portugal e de Trancoso, onde nasceu em 1500, vaticinou o futuro de Portugal e contribuiu, com as suas trovas prof\u00e9ticas para a Restaura\u00e7\u00e3o de Portugal em 1640, elogiado pelo padre Ant\u00f3nio Vieira e por Fernando Pessoa.<\/p>\n\n\n\n<div style=\"height:20px\" aria-hidden=\"true\" class=\"wp-block-spacer\"><\/div>\n\n\n\n<div class=\"wp-block-buttons is-content-justification-center is-layout-flex wp-container-core-buttons-is-layout-3 wp-block-buttons-is-layout-flex\">\n<div class=\"wp-block-button\"><a class=\"wp-block-button__link wp-element-button\" href=\"https:\/\/figurasmagicas.com\/index.php\/galeria-quarto-o-bandarra\/\">VEr Galeria<\/a><\/div>\n<\/div>\n<\/div><\/div>\n\n\n\n<div class=\"wp-block-getwid-image-box getwid-animation has-image-right has-text-left has-mobile-layout-column has-mobile-alignment-default\" data-animation=\"zoomSmall\"><div style=\"margin-right:100px\" class=\"wp-block-getwid-image-box__image-container is-position-middle\"><div class=\"wp-block-getwid-image-box__image-wrapper\"><img loading=\"lazy\" decoding=\"async\" width=\"992\" height=\"992\" src=\"https:\/\/figurasmagicas.com\/wp-content\/uploads\/2024\/12\/WhatsApp-Image-2024-12-23-at-18.42.28-1-992x992.jpeg\" class=\"wp-block-getwid-image-box__image wp-image-1942\" srcset=\"https:\/\/figurasmagicas.com\/wp-content\/uploads\/2024\/12\/WhatsApp-Image-2024-12-23-at-18.42.28-1-992x992.jpeg 992w, https:\/\/figurasmagicas.com\/wp-content\/uploads\/2024\/12\/WhatsApp-Image-2024-12-23-at-18.42.28-1-150x150.jpeg 150w\" sizes=\"(max-width: 992px) 100vw, 992px\" \/><\/div><\/div><div class=\"wp-block-getwid-image-box__content\">\n<div class=\"wp-block-getwid-advanced-heading\" style=\"margin-bottom:30px\"><h2 class=\"wp-block-getwid-advanced-heading__content\">Quarto &#8220;Isaac Cardoso&#8221;<\/h2><\/div>\n\n\n\n<p>M\u00e9dico, fil\u00f3sofo, cientista e escritor judeu, nascido em Trancoso, uma das figuras mais destacadas do s\u00e9c. XVII, que foi m\u00e9dico de Filipe IV de Espanha. Tem em Trancoso, dedicado \u00e0 sua mem\u00f3ria, o Centro de Interpreta\u00e7\u00e3o Judaica, que tem o seu nome.<\/p>\n\n\n\n<div style=\"height:20px\" aria-hidden=\"true\" class=\"wp-block-spacer\"><\/div>\n\n\n\n<div class=\"wp-block-buttons is-content-justification-center is-layout-flex wp-container-core-buttons-is-layout-4 wp-block-buttons-is-layout-flex\">\n<div class=\"wp-block-button\"><a class=\"wp-block-button__link wp-element-button\" href=\"https:\/\/figurasmagicas.com\/index.php\/galeria-quarto-isaac-cardoso\/\">VEr Galeria<\/a><\/div>\n<\/div>\n<\/div><\/div>\n\n\n\n<div class=\"wp-block-getwid-image-box getwid-animation has-image-left has-text-left has-mobile-layout-column has-mobile-alignment-default\" data-animation=\"zoomSmall\"><div style=\"margin-right:100px\" class=\"wp-block-getwid-image-box__image-container is-position-middle\"><div class=\"wp-block-getwid-image-box__image-wrapper\"><img loading=\"lazy\" decoding=\"async\" width=\"992\" height=\"992\" src=\"https:\/\/figurasmagicas.com\/wp-content\/uploads\/2024\/12\/WhatsApp-Image-2024-12-23-at-18.42.29-992x992.jpeg\" class=\"wp-block-getwid-image-box__image wp-image-1947\" srcset=\"https:\/\/figurasmagicas.com\/wp-content\/uploads\/2024\/12\/WhatsApp-Image-2024-12-23-at-18.42.29-992x992.jpeg 992w, https:\/\/figurasmagicas.com\/wp-content\/uploads\/2024\/12\/WhatsApp-Image-2024-12-23-at-18.42.29-150x150.jpeg 150w\" sizes=\"(max-width: 992px) 100vw, 992px\" \/><\/div><\/div><div class=\"wp-block-getwid-image-box__content\">\n<div class=\"wp-block-getwid-advanced-heading\" style=\"margin-bottom:30px\"><h2 class=\"wp-block-getwid-advanced-heading__content\">Quarto &#8220;Her\u00f3is de S. Marcos&#8221;<\/h2><\/div>\n\n\n\n<p>Grupo de homens de armas e do povo, que enfrentou o poderoso ex\u00e9rcito castelhano na mais decisiva das batalhas pela independ\u00eancia de Portugal, ocorrida em 29 de maio de 1385, desbaratando o ex\u00e9rcito inimigo, um feito que determinou o resultado da guerra a favor do reino.<\/p>\n\n\n\n<div style=\"height:20px\" aria-hidden=\"true\" class=\"wp-block-spacer\"><\/div>\n\n\n\n<div class=\"wp-block-buttons is-content-justification-center is-layout-flex wp-container-core-buttons-is-layout-5 wp-block-buttons-is-layout-flex\">\n<div class=\"wp-block-button\"><a class=\"wp-block-button__link wp-element-button\" href=\"https:\/\/figurasmagicas.com\/index.php\/galeria-quarto-herois-de-s-marcos\/\">VEr Galeria<\/a><\/div>\n<\/div>\n<\/div><\/div>\n\n\n\n<div class=\"wp-block-getwid-image-box getwid-animation has-image-right has-text-left has-mobile-layout-column has-mobile-alignment-default\" data-animation=\"zoomSmall\"><div style=\"margin-right:100px\" class=\"wp-block-getwid-image-box__image-container is-position-middle\"><div class=\"wp-block-getwid-image-box__image-wrapper\"><img loading=\"lazy\" decoding=\"async\" width=\"992\" height=\"992\" src=\"https:\/\/figurasmagicas.com\/wp-content\/uploads\/2024\/12\/WhatsApp-Image-2024-12-23-at-18.42.30-1-992x992.jpeg\" class=\"wp-block-getwid-image-box__image wp-image-1948\" srcset=\"https:\/\/figurasmagicas.com\/wp-content\/uploads\/2024\/12\/WhatsApp-Image-2024-12-23-at-18.42.30-1-992x992.jpeg 992w, https:\/\/figurasmagicas.com\/wp-content\/uploads\/2024\/12\/WhatsApp-Image-2024-12-23-at-18.42.30-1-150x150.jpeg 150w\" sizes=\"(max-width: 992px) 100vw, 992px\" \/><\/div><\/div><div class=\"wp-block-getwid-image-box__content\">\n<div class=\"wp-block-getwid-advanced-heading\" style=\"margin-bottom:30px\"><h2 class=\"wp-block-getwid-advanced-heading__content\">Quarto &#8220;O Magri\u00e7o&#8221;<\/h2><\/div>\n\n\n\n<p>Lend\u00e1rio her\u00f3i do s\u00e9c. XIV, de seu nome \u00c1lvaro Gon\u00e7alves Coutinho, imortalizado por Luis de Cam\u00f5es em &#8220;Os Lusiadas&#8221; como a principal figura de &#8220;Os Doze de Inglaterra&#8221;, era filho do alcaide de Trancoso, D. Gon\u00e7alo Vasques Coutinho, comandante na decisiva Batalha de S. Marcos.<\/p>\n\n\n\n<div style=\"height:20px\" aria-hidden=\"true\" class=\"wp-block-spacer\"><\/div>\n\n\n\n<div class=\"wp-block-buttons is-content-justification-center is-layout-flex wp-container-core-buttons-is-layout-6 wp-block-buttons-is-layout-flex\">\n<div class=\"wp-block-button\"><a class=\"wp-block-button__link wp-element-button\" href=\"https:\/\/figurasmagicas.com\/index.php\/galeria-quarto-o-magrico\/\">VEr Galeria<\/a><\/div>\n<\/div>\n<\/div><\/div>\n\n\n\n<div class=\"wp-block-getwid-image-box getwid-animation has-image-left has-text-left has-mobile-layout-column has-mobile-alignment-default\" data-animation=\"zoomSmall\"><div style=\"margin-right:100px\" class=\"wp-block-getwid-image-box__image-container is-position-middle\"><div class=\"wp-block-getwid-image-box__image-wrapper\"><img loading=\"lazy\" decoding=\"async\" width=\"992\" height=\"992\" src=\"https:\/\/figurasmagicas.com\/wp-content\/uploads\/2024\/12\/WhatsApp-Image-2024-12-23-at-18.40.59-2-992x992.jpeg\" class=\"wp-block-getwid-image-box__image wp-image-1904\" srcset=\"https:\/\/figurasmagicas.com\/wp-content\/uploads\/2024\/12\/WhatsApp-Image-2024-12-23-at-18.40.59-2-992x992.jpeg 992w, https:\/\/figurasmagicas.com\/wp-content\/uploads\/2024\/12\/WhatsApp-Image-2024-12-23-at-18.40.59-2-150x150.jpeg 150w\" sizes=\"(max-width: 992px) 100vw, 992px\" \/><\/div><\/div><div class=\"wp-block-getwid-image-box__content\">\n<div class=\"wp-block-getwid-advanced-heading\" style=\"margin-bottom:30px\"><h2 class=\"wp-block-getwid-advanced-heading__content\">Quarto &#8220;Gon\u00e7alo Fernandes Trancoso&#8221;<\/h2><\/div>\n\n\n\n<p>Introdutor da novel\u00edstica em Portugal e o primeiro da Pen\u00ednsula Ib\u00e9rica, era natural de Trancoso, escritor nascido em 1515, foi professor em Lisboa e autor de novelas como \u201cContos e Hist\u00f3rias de Proveito e Exemplo\u201d. No Brasil, para se referirem aos contos, dizem \u201cContos de Trancoso\u201d.<\/p>\n\n\n\n<div style=\"height:20px\" aria-hidden=\"true\" class=\"wp-block-spacer\"><\/div>\n\n\n\n<div class=\"wp-block-buttons is-content-justification-center is-layout-flex wp-container-core-buttons-is-layout-7 wp-block-buttons-is-layout-flex\">\n<div class=\"wp-block-button\"><a class=\"wp-block-button__link wp-element-button\" href=\"https:\/\/figurasmagicas.com\/index.php\/galeria-quarto-goncalo-fernandes-trancoso\/\">VEr Galeria<\/a><\/div>\n<\/div>\n<\/div><\/div>\n\n\n\n<div class=\"wp-block-getwid-image-box getwid-animation has-image-right has-text-left has-mobile-layout-column has-mobile-alignment-default\" data-animation=\"zoomSmall\"><div style=\"margin-right:100px\" class=\"wp-block-getwid-image-box__image-container is-position-middle\"><div class=\"wp-block-getwid-image-box__image-wrapper\"><img loading=\"lazy\" decoding=\"async\" width=\"992\" height=\"992\" src=\"https:\/\/figurasmagicas.com\/wp-content\/uploads\/2024\/12\/WhatsApp-Image-2024-12-23-at-18.40.53-1-992x992.jpeg\" class=\"wp-block-getwid-image-box__image wp-image-1880\" srcset=\"https:\/\/figurasmagicas.com\/wp-content\/uploads\/2024\/12\/WhatsApp-Image-2024-12-23-at-18.40.53-1-992x992.jpeg 992w, https:\/\/figurasmagicas.com\/wp-content\/uploads\/2024\/12\/WhatsApp-Image-2024-12-23-at-18.40.53-1-150x150.jpeg 150w\" sizes=\"(max-width: 992px) 100vw, 992px\" \/><\/div><\/div><div class=\"wp-block-getwid-image-box__content\">\n<div class=\"wp-block-getwid-advanced-heading\" style=\"margin-bottom:30px\"><h2 class=\"wp-block-getwid-advanced-heading__content\">Quarto &#8220;Padre Jo\u00e3o de Lucena&#8221;<\/h2><\/div>\n\n\n\n<p>Sacerdote Jesu\u00edta, nascido em Trancoso no ano de 1549, professor de Filosofia na Universidade de \u00c9vora e escritor, autor da \u00fanica obra biogr\u00e1fica dedicada a S. Francisco Xavier, e cujos serm\u00f5es est\u00e3o guardados na Biblioteca Nacional de Lisboa.<\/p>\n\n\n\n<div style=\"height:20px\" aria-hidden=\"true\" class=\"wp-block-spacer\"><\/div>\n\n\n\n<div class=\"wp-block-buttons is-content-justification-center is-layout-flex wp-container-core-buttons-is-layout-8 wp-block-buttons-is-layout-flex\">\n<div class=\"wp-block-button\"><a class=\"wp-block-button__link wp-element-button\" href=\"https:\/\/figurasmagicas.com\/index.php\/galeria-quarto-padre-joao-de-lucena\/\">VEr Galeria<\/a><\/div>\n<\/div>\n<\/div><\/div>\n\n\n\n<div class=\"wp-block-getwid-image-box getwid-animation has-image-left has-text-left has-mobile-layout-column has-mobile-alignment-default\" data-animation=\"zoomSmall\"><div style=\"margin-right:100px\" class=\"wp-block-getwid-image-box__image-container is-position-middle\"><div class=\"wp-block-getwid-image-box__image-wrapper\"><img loading=\"lazy\" decoding=\"async\" width=\"992\" height=\"992\" src=\"https:\/\/figurasmagicas.com\/wp-content\/uploads\/2024\/12\/WhatsApp-Image-2024-12-23-at-18.40.23-992x992.jpeg\" class=\"wp-block-getwid-image-box__image wp-image-1878\" srcset=\"https:\/\/figurasmagicas.com\/wp-content\/uploads\/2024\/12\/WhatsApp-Image-2024-12-23-at-18.40.23-992x992.jpeg 992w, https:\/\/figurasmagicas.com\/wp-content\/uploads\/2024\/12\/WhatsApp-Image-2024-12-23-at-18.40.23-150x150.jpeg 150w\" sizes=\"(max-width: 992px) 100vw, 992px\" \/><\/div><\/div><div class=\"wp-block-getwid-image-box__content\">\n<div class=\"wp-block-getwid-advanced-heading\" style=\"margin-bottom:30px\"><h2 class=\"wp-block-getwid-advanced-heading__content\">Quarto &#8220;Jo\u00e3o Ti\u00e7\u00e3o&#8221;<\/h2><\/div>\n\n\n\n<p>Lend\u00e1rio her\u00f3i do s\u00e9c. XII, que desafiou sozinho o acampamento dos sitiantes mouros em torno da vila de Trancoso, que teve a ousadia de lhes retirar o pend\u00e3o do acampamento, acabando por atir\u00e1-lo para dentro das muralhas do castelo, dado estarem fechadas as entradas.<\/p>\n\n\n\n<div style=\"height:20px\" aria-hidden=\"true\" class=\"wp-block-spacer\"><\/div>\n\n\n\n<div class=\"wp-block-buttons is-content-justification-center is-layout-flex wp-container-core-buttons-is-layout-9 wp-block-buttons-is-layout-flex\">\n<div class=\"wp-block-button has-custom-width wp-block-button__width-50 has-custom-font-size is-style-fill has-small-font-size\"><a class=\"wp-block-button__link wp-element-button\" href=\"https:\/\/figurasmagicas.com\/index.php\/galeria-quarto-joao-ticao\/\" style=\"border-radius:100px\">VEr Galeria<\/a><\/div>\n<\/div>\n<\/div><\/div>\n\n\n\n<div class=\"wp-block-getwid-image-box getwid-animation has-image-right has-text-left has-mobile-layout-column has-mobile-alignment-default\" data-animation=\"zoomSmall\"><div style=\"margin-right:100px\" class=\"wp-block-getwid-image-box__image-container is-position-middle\"><div class=\"wp-block-getwid-image-box__image-wrapper\"><img loading=\"lazy\" decoding=\"async\" width=\"992\" height=\"992\" src=\"https:\/\/figurasmagicas.com\/wp-content\/uploads\/2024\/12\/WhatsApp-Image-2024-12-23-at-18.40.20-2-992x992.jpeg\" class=\"wp-block-getwid-image-box__image wp-image-1872\" srcset=\"https:\/\/figurasmagicas.com\/wp-content\/uploads\/2024\/12\/WhatsApp-Image-2024-12-23-at-18.40.20-2-992x992.jpeg 992w, https:\/\/figurasmagicas.com\/wp-content\/uploads\/2024\/12\/WhatsApp-Image-2024-12-23-at-18.40.20-2-150x150.jpeg 150w\" sizes=\"(max-width: 992px) 100vw, 992px\" \/><\/div><\/div><div class=\"wp-block-getwid-image-box__content\">\n<div class=\"wp-block-getwid-advanced-heading\" style=\"margin-bottom:30px\"><h2 class=\"wp-block-getwid-advanced-heading__content\">Quarto &#8220;Padre Costa&#8221;<\/h2><\/div>\n\n\n\n<p>Espa\u00e7o que rememora a lenda do Padre Costa, figura baseada num sacerdote que foi pai de uma filha, perdoado pelo rei D. Jo\u00e3o II, mas a quem o povo acrescentou uma m\u00edtica prole de 299 filhos gerados nos ventres de 53 paroquianas.<\/p>\n\n\n\n<div style=\"height:20px\" aria-hidden=\"true\" class=\"wp-block-spacer\"><\/div>\n\n\n\n<div class=\"wp-block-buttons is-content-justification-center is-layout-flex wp-container-core-buttons-is-layout-10 wp-block-buttons-is-layout-flex\">\n<div class=\"wp-block-button\"><a class=\"wp-block-button__link wp-element-button\" href=\"https:\/\/figurasmagicas.com\/index.php\/galeria-quarto-padre-costa\/\">VEr Galeria<\/a><\/div>\n<\/div>\n<\/div><\/div>\n\n\n\n<div class=\"wp-block-getwid-image-box getwid-animation has-image-left has-text-left has-mobile-layout-column has-mobile-alignment-default\" data-animation=\"zoomSmall\"><div style=\"margin-right:100px\" class=\"wp-block-getwid-image-box__image-container is-position-middle\"><div class=\"wp-block-getwid-image-box__image-wrapper\"><img loading=\"lazy\" decoding=\"async\" width=\"992\" height=\"992\" src=\"https:\/\/figurasmagicas.com\/wp-content\/uploads\/2024\/12\/WhatsApp-Image-2024-12-23-at-18.40.57-992x992.jpeg\" class=\"wp-block-getwid-image-box__image wp-image-1902\" srcset=\"https:\/\/figurasmagicas.com\/wp-content\/uploads\/2024\/12\/WhatsApp-Image-2024-12-23-at-18.40.57-992x992.jpeg 992w, https:\/\/figurasmagicas.com\/wp-content\/uploads\/2024\/12\/WhatsApp-Image-2024-12-23-at-18.40.57-150x150.jpeg 150w\" sizes=\"(max-width: 992px) 100vw, 992px\" \/><\/div><\/div><div class=\"wp-block-getwid-image-box__content\">\n<div class=\"wp-block-getwid-advanced-heading\" style=\"margin-bottom:30px\"><h2 class=\"wp-block-getwid-advanced-heading__content\">Quarto &#8220;General Beresford&#8221;<\/h2><\/div>\n\n\n\n<p>Militar ingl\u00eas de alta patente, comandante em chefe das tropas anglo-lusas durante o per\u00edodo das invas\u00f5es francesas de Napole\u00e3o. Teve aqui o seu quartel-general, situado num im\u00f3vel no Centro Hist\u00f3rico, que ainda hoje existe. Foi-lhe dado o t\u00edtulo de Conde de Trancoso.<\/p>\n\n\n\n<div style=\"height:20px\" aria-hidden=\"true\" class=\"wp-block-spacer\"><\/div>\n\n\n\n<div class=\"wp-block-buttons is-content-justification-center is-layout-flex wp-container-core-buttons-is-layout-11 wp-block-buttons-is-layout-flex\">\n<div class=\"wp-block-button\"><a class=\"wp-block-button__link wp-element-button\" href=\"https:\/\/figurasmagicas.com\/index.php\/galeria-quarto-general-beresford\/\">VEr Galeria<\/a><\/div>\n<\/div>\n<\/div><\/div>\n\n\n\n<div class=\"wp-block-getwid-image-box getwid-animation has-image-right has-text-left has-mobile-layout-column has-mobile-alignment-default\" data-animation=\"zoomSmall\"><div style=\"margin-right:100px\" class=\"wp-block-getwid-image-box__image-container is-position-middle\"><div class=\"wp-block-getwid-image-box__image-wrapper\"><img loading=\"lazy\" decoding=\"async\" width=\"992\" height=\"992\" src=\"https:\/\/figurasmagicas.com\/wp-content\/uploads\/2024\/12\/WhatsApp-Image-2024-12-23-at-18.41.02-2-992x992.jpeg\" class=\"wp-block-getwid-image-box__image wp-image-1912\" srcset=\"https:\/\/figurasmagicas.com\/wp-content\/uploads\/2024\/12\/WhatsApp-Image-2024-12-23-at-18.41.02-2-992x992.jpeg 992w, https:\/\/figurasmagicas.com\/wp-content\/uploads\/2024\/12\/WhatsApp-Image-2024-12-23-at-18.41.02-2-150x150.jpeg 150w\" sizes=\"(max-width: 992px) 100vw, 992px\" \/><\/div><\/div><div class=\"wp-block-getwid-image-box__content\">\n<div class=\"wp-block-getwid-advanced-heading\" style=\"margin-bottom:30px\"><h2 class=\"wp-block-getwid-advanced-heading__content\">Quarto &#8220;Iberusa Leoa&#8221;<\/h2><\/div>\n\n\n\n<p>Figura lend\u00e1ria religiosa, que viveu como eremita de Nossa Senhora do Sepulcro, mais tarde Nossa Senhora da Fresta, do s\u00e9c. XII, que ter\u00e1 convertido os mouros que tomaram Trancoso e a guardavam numa sala de onde apenas jorrava luz exterior por uma fresta.<\/p>\n\n\n\n<div style=\"height:20px\" aria-hidden=\"true\" class=\"wp-block-spacer\"><\/div>\n\n\n\n<div class=\"wp-block-buttons is-content-justification-center is-layout-flex wp-container-core-buttons-is-layout-12 wp-block-buttons-is-layout-flex\">\n<div class=\"wp-block-button\"><a class=\"wp-block-button__link wp-element-button\" href=\"https:\/\/figurasmagicas.com\/index.php\/galeria-quarto-iberusa-leoa\/\">VEr Galeria<\/a><\/div>\n<\/div>\n<\/div><\/div>\n\n\n\n<div class=\"wp-block-getwid-image-box getwid-animation has-image-left has-text-left has-mobile-layout-column has-mobile-alignment-default\" data-animation=\"zoomSmall\"><div style=\"margin-right:100px\" class=\"wp-block-getwid-image-box__image-container is-position-middle\"><div class=\"wp-block-getwid-image-box__image-wrapper\"><img loading=\"lazy\" decoding=\"async\" width=\"992\" height=\"992\" src=\"https:\/\/figurasmagicas.com\/wp-content\/uploads\/2024\/12\/WhatsApp-Image-2024-12-23-at-18.40.13-1-992x992.jpeg\" class=\"wp-block-getwid-image-box__image wp-image-1856\" srcset=\"https:\/\/figurasmagicas.com\/wp-content\/uploads\/2024\/12\/WhatsApp-Image-2024-12-23-at-18.40.13-1-992x992.jpeg 992w, https:\/\/figurasmagicas.com\/wp-content\/uploads\/2024\/12\/WhatsApp-Image-2024-12-23-at-18.40.13-1-150x150.jpeg 150w\" sizes=\"(max-width: 992px) 100vw, 992px\" \/><\/div><\/div><div class=\"wp-block-getwid-image-box__content\">\n<div class=\"wp-block-getwid-advanced-heading\" style=\"margin-bottom:30px\"><h2 class=\"wp-block-getwid-advanced-heading__content\">Kitchenette &#8220;Santo Ant\u00e3o&#8221;<\/h2><\/div>\n\n\n\n<p>Santo patrono venerado em Trancoso, como capela na aldeia de Courelas, anexa \u00e0 cidade, patriarca eremita do s\u00e9c. III, padroeiro das doen\u00e7as contagiosas e de curas milagrosas, representado com sineta que espanta os dem\u00f3nios e com o porco, animal que lhe \u00e9 devotado.<\/p>\n\n\n\n<div style=\"height:20px\" aria-hidden=\"true\" class=\"wp-block-spacer\"><\/div>\n\n\n\n<div class=\"wp-block-buttons is-content-justification-center is-layout-flex wp-container-core-buttons-is-layout-13 wp-block-buttons-is-layout-flex\">\n<div class=\"wp-block-button\"><a class=\"wp-block-button__link wp-element-button\" href=\"https:\/\/figurasmagicas.com\/index.php\/galeria-kitchenette-santo-antao\/\">VEr Galeria<\/a><\/div>\n<\/div>\n<\/div><\/div>\n\n\n\n<div class=\"wp-block-getwid-image-box getwid-animation has-image-right has-text-left has-mobile-layout-column has-mobile-alignment-default\" data-animation=\"zoomSmall\"><div style=\"margin-right:100px\" class=\"wp-block-getwid-image-box__image-container is-position-middle\"><div class=\"wp-block-getwid-image-box__image-wrapper\"><img loading=\"lazy\" decoding=\"async\" width=\"992\" height=\"992\" src=\"https:\/\/figurasmagicas.com\/wp-content\/uploads\/2024\/12\/WhatsApp-Image-2024-12-23-at-18.40.19-992x992.jpeg\" class=\"wp-block-getwid-image-box__image wp-image-1870\" srcset=\"https:\/\/figurasmagicas.com\/wp-content\/uploads\/2024\/12\/WhatsApp-Image-2024-12-23-at-18.40.19-992x992.jpeg 992w, https:\/\/figurasmagicas.com\/wp-content\/uploads\/2024\/12\/WhatsApp-Image-2024-12-23-at-18.40.19-150x150.jpeg 150w\" sizes=\"(max-width: 992px) 100vw, 992px\" \/><\/div><\/div><div class=\"wp-block-getwid-image-box__content\">\n<div class=\"wp-block-getwid-advanced-heading\" style=\"margin-bottom:30px\"><h2 class=\"wp-block-getwid-advanced-heading__content\">Kitchenette &#8220;S\u00e3o Bartolomeu&#8221;<\/h2><\/div>\n\n\n\n<p>Invoca\u00e7\u00e3o da igreja de S. Bartolomeu, onde celebraram as bodas de D. Dinis e Isabel de Arag\u00e3o e a designa\u00e7\u00e3o da Feira Franca de S. Bartolomeu, anual em Trancoso, de 8 de agosto de 1273, dada por D. Afonso III, pai de D. Dinis, que \u00e9 a feira franca mais antiga do Pa\u00eds e da Pen\u00ednsula Ib\u00e9rica.<\/p>\n\n\n\n<div style=\"height:20px\" aria-hidden=\"true\" class=\"wp-block-spacer\"><\/div>\n\n\n\n<div class=\"wp-block-buttons is-content-justification-center is-layout-flex wp-container-core-buttons-is-layout-14 wp-block-buttons-is-layout-flex\">\n<div class=\"wp-block-button\"><a class=\"wp-block-button__link wp-element-button\" href=\"https:\/\/figurasmagicas.com\/index.php\/galeria-kitchenette-sao-bartolomeu\/\">VEr Galeria<\/a><\/div>\n<\/div>\n<\/div><\/div>\n\n\n\n<div class=\"wp-block-getwid-image-box getwid-animation has-image-left has-text-left has-mobile-layout-column has-mobile-alignment-default\" data-animation=\"zoomSmall\"><div style=\"margin-right:100px\" class=\"wp-block-getwid-image-box__image-container is-position-middle\"><div class=\"wp-block-getwid-image-box__image-wrapper\"><img loading=\"lazy\" decoding=\"async\" width=\"992\" height=\"992\" src=\"https:\/\/figurasmagicas.com\/wp-content\/uploads\/2024\/12\/WhatsApp-Image-2024-12-23-at-18.42.36-992x992.jpeg\" class=\"wp-block-getwid-image-box__image wp-image-1958\" srcset=\"https:\/\/figurasmagicas.com\/wp-content\/uploads\/2024\/12\/WhatsApp-Image-2024-12-23-at-18.42.36-992x992.jpeg 992w, https:\/\/figurasmagicas.com\/wp-content\/uploads\/2024\/12\/WhatsApp-Image-2024-12-23-at-18.42.36-150x150.jpeg 150w\" sizes=\"(max-width: 992px) 100vw, 992px\" \/><\/div><\/div><div class=\"wp-block-getwid-image-box__content\">\n<div class=\"wp-block-getwid-advanced-heading\" style=\"margin-bottom:30px\"><h2 class=\"wp-block-getwid-advanced-heading__content\">Quarto &#8220;Retiro do Costa Lima&#8221;<\/h2><\/div>\n\n\n\n<p>O comendador Francisco da Costa Lima, figura empreendedora em Trancoso, criou no in\u00edcio do s\u00e9c. XX uma central de produ\u00e7\u00e3o de energia el\u00e9trica e o primeiro hospital no concelho. Foi possuidor do primeiro autom\u00f3vel na regi\u00e3o, um \u201cDarracq\u201d de 1903, a que anda ligada uma lenda.<\/p>\n\n\n\n<div style=\"height:20px\" aria-hidden=\"true\" class=\"wp-block-spacer\"><\/div>\n\n\n\n<div class=\"wp-block-buttons is-content-justification-center is-layout-flex wp-container-core-buttons-is-layout-15 wp-block-buttons-is-layout-flex\">\n<div class=\"wp-block-button\"><a class=\"wp-block-button__link wp-element-button\" href=\"https:\/\/figurasmagicas.com\/index.php\/galeria-quarto-retiro-do-costa-lima\/\">VEr Galeria<\/a><\/div>\n<\/div>\n<\/div><\/div>\n","protected":false},"excerpt":{"rendered":"<p>O nosso alojamento \u00e9 composto por 15 quartos, dos quais 2 s\u00e3o equipados com kitchenettes. Um dos quartos foi especialmente projetado para acomodar pessoas com mobilidade reduzida. Adicionalmente, o quarto D. Isabel s\u00f3 pode ser reservado em conjunto com o quarto D. Dinis, sendo ambos quartos comunicantes e formando uma suite.<\/p>\n","protected":false},"author":1,"featured_media":1576,"parent":0,"menu_order":0,"comment_status":"closed","ping_status":"closed","template":"","meta":{"om_disable_all_campaigns":false,"inline_featured_image":false,"_monsterinsights_skip_tracking":false,"_monsterinsights_sitenote_active":false,"_monsterinsights_sitenote_note":"","_monsterinsights_sitenote_category":0,"footnotes":""},"class_list":["post-17","page","type-page","status-publish","has-post-thumbnail","hentry"],"aioseo_notices":[],"_links":{"self":[{"href":"https:\/\/figurasmagicas.com\/index.php\/wp-json\/wp\/v2\/pages\/17"}],"collection":[{"href":"https:\/\/figurasmagicas.com\/index.php\/wp-json\/wp\/v2\/pages"}],"about":[{"href":"https:\/\/figurasmagicas.com\/index.php\/wp-json\/wp\/v2\/types\/page"}],"author":[{"embeddable":true,"href":"https:\/\/figurasmagicas.com\/index.php\/wp-json\/wp\/v2\/users\/1"}],"replies":[{"embeddable":true,"href":"https:\/\/figurasmagicas.com\/index.php\/wp-json\/wp\/v2\/comments?post=17"}],"version-history":[{"count":9,"href":"https:\/\/figurasmagicas.com\/index.php\/wp-json\/wp\/v2\/pages\/17\/revisions"}],"predecessor-version":[{"id":2183,"href":"https:\/\/figurasmagicas.com\/index.php\/wp-json\/wp\/v2\/pages\/17\/revisions\/2183"}],"wp:featuredmedia":[{"embeddable":true,"href":"https:\/\/figurasmagicas.com\/index.php\/wp-json\/wp\/v2\/media\/1576"}],"wp:attachment":[{"href":"https:\/\/figurasmagicas.com\/index.php\/wp-json\/wp\/v2\/media?parent=17"}],"curies":[{"name":"wp","href":"https:\/\/api.w.org\/{rel}","templated":true}]}}